{"id":2864,"date":"2008-11-05T20:05:08","date_gmt":"2008-11-06T01:05:08","guid":{"rendered":"http:\/\/www.bibula.com\/?page_id=2864"},"modified":"2024-02-21T12:39:51","modified_gmt":"2024-02-21T17:39:51","slug":"links","status":"publish","type":"page","link":"https:\/\/www.bibula.com\/?page_id=2864","title":{"rendered":"Linki"},"content":{"rendered":"\t\t<div data-elementor-type=\"wp-page\" data-elementor-id=\"2864\" class=\"elementor elementor-2864\" data-elementor-post-type=\"page\">\n\t\t\t\t\t\t<section class=\"elementor-section elementor-top-section elementor-element elementor-element-a505bf6 elementor-section-boxed elementor-section-height-default elementor-section-height-default\" data-id=\"a505bf6\" data-element_type=\"section\" data-settings=\"{&quot;background_background&quot;:&quot;classic&quot;}\">\n\t\t\t\t\t\t<div class=\"elementor-container elementor-column-gap-default\">\n\t\t\t\t\t<div class=\"elementor-column elementor-col-33 elementor-top-column elementor-element elementor-element-6a7cbb3\" data-id=\"6a7cbb3\" data-element_type=\"column\" data-settings=\"{&quot;background_background&quot;:&quot;classic&quot;}\">\n\t\t\t<div class=\"elementor-widget-wrap\">\n\t\t\t\t\t\t\t<\/div>\n\t\t<\/div>\n\t\t\t\t<div class=\"elementor-column elementor-col-33 elementor-top-column elementor-element elementor-element-6d9cdb0\" data-id=\"6d9cdb0\" data-element_type=\"column\" data-settings=\"{&quot;background_background&quot;:&quot;classic&quot;}\">\n\t\t\t<div class=\"elementor-widget-wrap elementor-element-populated\">\n\t\t\t\t\t\t<div class=\"elementor-element elementor-element-0317741 elementor-widget elementor-widget-text-editor\" data-id=\"0317741\" data-element_type=\"widget\" data-widget_type=\"text-editor.default\">\n\t\t\t\t<div class=\"elementor-widget-container\">\n\t\t\t\t\t\t\t\t\t<h2>&nbsp;<\/h2>\n<h2>Linki<\/h2>\n<p><span style=\"color: #363434; font-size: 12pt; font-family: helvetica, arial, sans-serif;\">Oto kr\u00f3tki spis wa\u017cnych i ciekawych <strong>czasopism<\/strong> wydawanych w Stanach Zjednoczonych:<\/span><\/p>\n<ul>\n<li><span style=\"color: #363434; font-size: 12pt; font-family: helvetica, arial, sans-serif;\"><a style=\"color: #363434;\" href=\"http:\/\/www.angeluspress.org\/\" target=\"_blank\" rel=\"noopener noreferrer\"> <strong>The Angelus<\/strong><\/a> &#8211; Oficjalny organ Bractwa \u015aw. Piusa X. Niezast\u0105piony.<\/span><\/li>\n<li><span style=\"color: #363434; font-size: 12pt; font-family: helvetica, arial, sans-serif;\"><a style=\"color: #363434;\" href=\"http:\/\/www.remnantnewspaper.com\/\" target=\"_blank\" rel=\"noopener noreferrer\"> <strong>The Remnant<\/strong><\/a> &#8211; Najstarszy w Ameryce magazyn (dwutygodnik) tradycyjnych katolik\u00f3w, prowadzony przez Michaela J. Matt&#8217;a<\/span><\/li>\n<li><span style=\"color: #363434; font-size: 12pt; font-family: helvetica, arial, sans-serif;\"><a style=\"color: #363434;\" href=\"https:\/\/catholicfamilynews.com\/\"> <strong>Catholic Family News<\/strong><\/a> &#8211; miesi\u0119cznik Tradycyjnych Katolik\u00f3w, prowadzony (do kwietnia 2017 r.) przez (\u015bp.) <span style=\"text-decoration: underline;\"><a style=\"color: #363434; text-decoration: underline;\" href=\"http:\/\/www.bibula.com\/?p=95036\">Johna Vennari<\/a><\/span>. Dzisiaj prowadzony przez Matta Gaspers.<\/span><\/li>\n<li><span style=\"color: #363434; font-size: 12pt; font-family: helvetica, arial, sans-serif;\"><a style=\"color: #363434;\" href=\"http:\/\/www.latinmassmagazine.com\/\" target=\"_blank\" rel=\"noopener noreferrer\"><strong>The Latin Mass<\/strong> &#8211; <em>A Journal of Catholic Culture<\/em><\/a> &#8211; kwartalnik prowadzony przez Bractwo Kap\u0142a\u0144skie \u015bw. Piotra (FSSP), na tematy zwi\u0105zane z tradycyjn\u0105 Msz\u0105 \u015bwi\u0119t\u0105 oraz szeroko poj\u0119t\u0105 Tradycj\u0105 Ko\u015bcio\u0142a.<\/span><\/li>\n<li><span style=\"color: #363434; font-size: 12pt; font-family: helvetica, arial, sans-serif;\"><a style=\"color: #363434;\" href=\"http:\/\/www.newoxfordreview.org\/\" target=\"_blank\" rel=\"noopener noreferrer\"> <strong>New Oxford Review<\/strong><\/a> &#8211; Intelektualny, (w miar\u0119) konserwatywny miesi\u0119cznik, prowadzony przez Dale Vree (warto odzwiedza\u0107 ich <a style=\"color: #363434;\" href=\"http:\/\/www.newoxfordreview.org\/\">Website<\/a>, prowadzon\u0105 przez Michaela S. Rose)<\/span><\/li>\n<li><span style=\"color: #363434; font-size: 12pt; font-family: helvetica, arial, sans-serif;\"><a style=\"color: #363434;\" href=\"http:\/\/www.culturewars.com\/\" target=\"_blank\" rel=\"noopener noreferrer\"><strong>Culture Wars<\/strong><\/a> &#8211; jeden z najciekawszych miesi\u0119cznik\u00f3w katolickich, wydawany przez dr. E. Michaela Jonesa (Niestety, od ok. po\u0142owy 2013 roku E.M.Jones &#8211; pomimo prawicowej retoryki &#8211; skr\u0119ca wyra\u017anie w stron\u0119 modernistycznego posoborowia, z ostr\u0105 antyfatimsk\u0105 nagonk\u0105 i awersj\u0105 do Tridentiny, a szczeg\u00f3lnie do Bractwa Kap\u0142a\u0144skiego \u015bw. Piusa X&#8230;Pomimo tego, ca\u0142y czas niezast\u0105piona lektura!)<\/span><\/li>\n<li><span style=\"color: #363434; font-size: 12pt; font-family: helvetica, arial, sans-serif;\"><a style=\"color: #363434;\" href=\"http:\/\/www.chroniclesmagazine.org\/\" target=\"_blank\" rel=\"noopener noreferrer\"><strong>Chronicles<\/strong><\/a> &#8211; <em>A Magazine of American Cultur<\/em><em>e<\/em>, za\u0142o\u017cony przez Leopolda Tyrmanda, a obecnie prowadzony przez Thomasa Fleminga<\/span><\/li>\n<li><span style=\"color: #363434; font-size: 12pt; font-family: helvetica, arial, sans-serif;\"><strong><a style=\"color: #363434;\" href=\"http:\/\/www.theamericanconservative.com\/\">The American Conservative<\/a><\/strong> &#8211; pismo za\u0142o\u017cone w 2002 r. przez Patricka Buchanana i Taki Theodoracopulos, z nurtu paleo-konserwatywnego.<\/span><\/li>\n<\/ul>\n<h2>&nbsp;<\/h2>\n<p><span style=\"color: #363434; font-size: 12pt; font-family: helvetica, arial, sans-serif;\">oraz przegl\u0105da\u0107 warto<\/span><\/p>\n<ul>\n<li><span style=\"color: #363434; font-size: 12pt; font-family: helvetica, arial, sans-serif;\"><a style=\"color: #363434;\" href=\"http:\/\/www.michaeljournal.org\/Stronaglowna.htm\" target=\"_blank\" rel=\"noopener noreferrer\"> <strong>Michael Journal<\/strong><\/a> &#8211; <em>(pismo wydawane w Kanadzie)<\/em><\/span><\/li>\n<li><span style=\"color: #363434; font-size: 12pt; font-family: helvetica, arial, sans-serif;\"><a style=\"color: #363434;\" href=\"http:\/\/www.thewandererpress.com\/\" target=\"_blank\" rel=\"noopener noreferrer\"><strong>The Wanderer<\/strong><\/a> &#8211; <em>National Catholic Weekly Newspaper<\/em> &#8211; profesjonalnie prowadzony tygodnik, opcji posoborowego 'katolickiego \u015brodka&#8217;<\/span><\/li>\n<li><span style=\"color: #363434; font-size: 12pt; font-family: helvetica, arial, sans-serif;\"><a style=\"color: #363434;\" href=\"https:\/\/www.toqonline.com\/\"><strong>The Occidental Quarterly<\/strong><\/a> &#8211; <em>A Journal of Western Thought and Opinion<\/em><\/span><\/li>\n<\/ul>\n<p><span style=\"color: #363434; font-size: 12pt; font-family: helvetica, arial, sans-serif;\">&nbsp;<\/span><\/p>\n<p><span style=\"color: #363434; font-size: 12pt; font-family: helvetica, arial, sans-serif;\">a tak\u017ce<\/span><\/p>\n<ul>\n<li><span style=\"color: #363434; font-size: 12pt; font-family: helvetica, arial, sans-serif;\"><a style=\"color: #363434;\" href=\"http:\/\/www.americanfreepress.net\/\" target=\"_blank\" rel=\"noopener noreferrer\"> <strong>American Free Press<\/strong><\/a> &#8211; <em>Uncensored National Weekly Newspaper<\/em> &#8211; wydawany w Waszyngtonie tygodnik, nieco populistyczny, ale warty uwagi<\/span><\/li>\n<li><span style=\"color: #363434; font-size: 12pt; font-family: helvetica, arial, sans-serif;\"><a style=\"color: #363434;\" href=\"http:\/\/www.barnesreview.org\/\" target=\"_blank\" rel=\"noopener noreferrer\"><strong>The Barnes Review<\/strong><\/a> &#8211; <em>&#8222;&#8230;To bring History into Accord with the Facts.&#8221;<\/em><\/span><\/li>\n<li><span style=\"color: #363434; font-size: 12pt; font-family: helvetica, arial, sans-serif;\"><a style=\"color: #363434;\" href=\"http:\/\/www.ihr.org\/\" target=\"_blank\" rel=\"noopener noreferrer\"><strong>Journal of Historical Review<\/strong><\/a> &#8211; <em>&#8222;Scholarly information and thoughtful commentary, from a revisionist perspective.&#8221;<\/em> &#8211; nie ukazuje si\u0119 obecnie w formie drukowanej.. wielka szkoda. Jednak strona internetowa jest uzupe\u0142niana nowymi esejami i informacjami. Instytut zajmuje si\u0119 g\u0142\u00f3wnie prostowaniem syjonistycznych &#8222;prawd historycznych&#8221; naros\u0142ych wok\u00f3\u0142 tzw. Holokaustu.<br><\/span><\/li>\n<li><span style=\"color: #363434; font-size: 12pt; font-family: helvetica, arial, sans-serif;\"><a style=\"color: #363434;\" href=\"http:\/\/www.wrmea.com\/\" target=\"_blank\" rel=\"noopener noreferrer\"><strong>Washington Report On Middle East Affairs<\/strong><\/a> &#8211; <em>&#8222;The Washington Report on Middle East Affairs is a 140-page magazine published 10 times per year in Washington, DC, that focuses on news and analysis from and about the Middle East and U.S. policy in that region.&#8221; <\/em><\/span><\/li>\n<li><span style=\"color: #363434; font-size: 12pt; font-family: helvetica, arial, sans-serif;\"><a href=\"https:\/\/www.theepochtimes.com\/\"><strong>The Epoch Times<\/strong><\/a><em> &#8211; <\/em>Energicznie prowadzone pismo (drukowane jako tygodnik w wielkoformatowym formacie obszernej gazety), powa\u017cnie finansowane przez dysydent\u00f3w chi\u0144skich i religijny ruch buddyjski. Wed\u0142ug &#8222;miarodajnych&#8221; encyklopedii, typu Wikipedia, okre\u015blany jako &#8222;skrajne prawicowe&#8221;, co jest nonsensem, gdy\u017c du\u017co mu brakuje do prawdziwie niezale\u017cnego postrzegania wydarze\u0144 \u015bwiatowych. Pismo zajmuje si\u0119 szerokim aspektem wydarze\u0144 politycznych, kulturalnych, zdrowotnych, itp. Polecane jako alternatywne \u017ar\u00f3d\u0142o bie\u017c\u0105cych, szybko aktualizowanych informacji.<br><\/span><\/li>\n<\/ul>\n<h2>&nbsp;<\/h2>\n<p><span style=\"color: #363434; font-size: 12pt; font-family: helvetica, arial, sans-serif;\">Kr\u00f3tki spis <strong>polskich stron<\/strong> wartych uwagi i cz\u0119stego odwiedzania:<\/span><\/p>\n<ul>\n<li><span style=\"color: #363434; font-size: 12pt; font-family: helvetica, arial, sans-serif;\"><strong><a style=\"color: #363434;\" href=\"http:\/\/www.pch24.pl\/\">Polonia Christiana<\/a><\/strong><a style=\"color: #363434;\" href=\"http:\/\/www.pch24.pl\/\"> &#8211; pch24.pl<\/a><a style=\"color: #363434;\" href=\"http:\/\/www.prawy.pl\/\" target=\"_blank\" rel=\"noopener noreferrer\">&nbsp; <\/a><\/span><\/li>\n<li><span style=\"color: #363434; font-size: 12pt; font-family: helvetica, arial, sans-serif;\"><strong><a style=\"color: #363434;\" href=\"http:\/\/www.legitymizm.org\" target=\"_blank\" rel=\"noopener noreferrer\">Organizacja Monarchist\u00f3w Polskich &#8211; Portal Legitymistyczny &#8211; <\/a><\/strong><a style=\"color: #363434;\" href=\"http:\/\/www.legitymizm.org\" target=\"_blank\" rel=\"noopener noreferrer\">www.legitymizm.org \u2b04<\/a><\/span><\/li>\n<li><span style=\"color: #363434; font-size: 12pt; font-family: helvetica, arial, sans-serif;\"><a style=\"color: #363434;\" href=\"http:\/\/www.michalkiewicz.pl\/\" target=\"_blank\" rel=\"noopener noreferrer\"><strong>Strona autorska red. Stanis\u0142awa Michalkiewicza<\/strong><\/a> &#8211; <em>Felietony, artyku\u0142y, komentarze \u2b04<\/em><\/span><\/li>\n<li><span style=\"color: #363434; font-size: 12pt; font-family: helvetica, arial, sans-serif;\"><a style=\"color: #363434;\" href=\"http:\/\/christianitas.org\/\"><strong>Christianitas.org<\/strong><\/a><\/span><\/li>\n<li><span style=\"color: #363434; font-size: 12pt; font-family: helvetica, arial, sans-serif;\"><a style=\"color: #363434;\" href=\"http:\/\/www.antyk.org.pl\/\" target=\"_blank\" rel=\"noopener noreferrer\"><strong>Fundacja Pomocy ANTYK<\/strong> &#8211; wydawnictwo, ksi\u0119garnia<\/a> &#8211; <em>Tutaj kupisz dobr\u0105 ksi\u0105\u017ck\u0119! \u2b04<\/em><\/span><\/li>\n<li><span style=\"color: #363434; font-size: 12pt; font-family: helvetica, arial, sans-serif;\"><a style=\"color: #363434;\" href=\"http:\/\/www.ien.pl\/\" target=\"_blank\" rel=\"noopener noreferrer\"><strong>Instytut Edukacji Narodowej <\/strong><\/a>&#8211; <em>&#8222;IEN s\u0142u\u017cy odkrywaniu prawdy &#8211; niedostrzegalnej, przemilczanej, przekszta\u0142conej i przek\u0142amanej w procesie kszta\u0142cenia na r\u00f3\u017cnych poziomach pobierania nauki.&#8221; \u2b04<\/em><\/span><\/li>\n<li><span style=\"color: #363434; font-size: 12pt; font-family: helvetica, arial, sans-serif;\"><a style=\"color: #363434;\" href=\"http:\/\/www.nczas.com\/\" target=\"_blank\" rel=\"noopener noreferrer\"><strong>Najwy\u017cszy Czas!<\/strong><\/a><\/span><\/li>\n<li><span style=\"color: #363434; font-size: 12pt; font-family: helvetica, arial, sans-serif;\"><a style=\"color: #363434;\" href=\"http:\/\/www.glos.com.pl\/\" target=\"_blank\" rel=\"noopener noreferrer\"><strong>G\u0141OS<\/strong><\/a> &#8211; <em>Tygodnik Katolicko-Narodowy<\/em><\/span><\/li>\n<li><span style=\"color: #363434; font-size: 12pt; font-family: helvetica, arial, sans-serif;\"><strong>\u2297 Strona prof. dr. Jacka Bartyzela <\/strong> &#8211; <em>Eseje polityczne i historyczne, Publicystyka. Strona niestety ju\u017c nie istnieje<br><\/em><\/span><\/li>\n<li><span style=\"color: #363434; font-size: 12pt; font-family: helvetica, arial, sans-serif;\"><a style=\"color: #363434;\" href=\"http:\/\/www.owp.com.pl\/index.php\" target=\"_blank\" rel=\"noopener noreferrer\"><strong>Ob\u00f3z Wielkiej Polski<\/strong><\/a> &#8211; <em>&#8222;Jestem Polakiem, wi\u0119c mam obowi\u0105zki polskie&#8221;<\/em> \u2b04<\/span><\/li>\n<li><span style=\"color: #363434; font-size: 12pt; font-family: helvetica, arial, sans-serif;\"><a style=\"color: #363434;\" href=\"http:\/\/www.dakowski.pl\"><strong>Strona prof. Miros\u0142awa Dakowskiego<\/strong><\/a> \u2b04<\/span><\/li>\n<li><span style=\"color: #363434; font-size: 12pt; font-family: helvetica, arial, sans-serif;\"><strong>Dziennik gajowego Maruchy<\/strong> &#8211; <em>Prowadzony od 2006 r. niezast\u0105piony blog, jedno z nielicznych miejsc wolnej wymiany my\u015bli. <\/em><\/span><span style=\"color: #363434; font-size: 12pt; font-family: helvetica, arial, sans-serif;\">\u2b04<\/span><\/li>\n<li><span style=\"color: #363434; font-size: 12pt; font-family: helvetica, arial, sans-serif;\"><a style=\"color: #363434;\" href=\"http:\/\/www.mysl.pl\/\" target=\"_blank\" rel=\"noopener noreferrer\"><strong>My\u015bl &#8211; portal opiniotw\u00f3rczy<\/strong><\/a><\/span><\/li>\n<li><a style=\"color: #363434;\" href=\"http:\/\/wicipolskie.org\"><span style=\"color: #363434; font-size: 12pt; font-family: helvetica, arial, sans-serif;\"><strong>\u2297 <\/strong><\/span><\/a><span style=\"color: #363434; font-size: 12pt; font-family: helvetica, arial, sans-serif;\"><a style=\"color: #363434;\" href=\"http:\/\/wicipolskie.org\"><strong>Patriotyczny Ruch Polski &#8211; wicipolskie.org<\/strong><\/a> \u2b04 Pismo za\u0142o\u017cone i prowadzone niestrudzenie od 20 lat, przez Henryka Pawelca. Strona internetowa i pismo zamkni\u0119te w 2022 roku. Wydano ponad 500 numer\u00f3w pisma w formie drukowanej. <\/span><span style=\"color: #363434; font-size: 12pt; font-family: helvetica, arial, sans-serif;\"><strong>\u2b04<\/strong><\/span><\/li>\n<li><span style=\"color: #363434; font-size: 12pt; font-family: helvetica, arial, sans-serif;\"><a style=\"color: #363434;\" href=\"http:\/\/glaukopis.pl\/\"><strong>Glaukopis &#8211; kwartalnik naukowy<\/strong><\/a><\/span><\/li>\n<li><span style=\"color: #363434; font-size: 12pt; font-family: helvetica, arial, sans-serif;\"><strong>\u2297 <\/strong><\/span><span style=\"color: #363434; font-size: 12pt; font-family: helvetica, arial, sans-serif;\"><strong>Strona autorska prof. Iwo Cypriana Pogonowskiego<\/strong>&nbsp;&#8211; <em>strona nie jest aktualizowana (\u015b.p. I.C.Pogonowski &#8211; zm. 21 lipca 2016) | 2021: Strona zosta\u0142a zamkni\u0119ta<\/em> <strong>\u2b04<\/strong><\/span><\/li>\n<li><span style=\"color: #363434; font-size: 12pt; font-family: helvetica, arial, sans-serif;\"><a style=\"color: #363434;\" href=\"http:\/\/yelita.pl\/\"><strong>Y ELITA PL<\/strong><\/a> &#8211; <em>Serwis po\u015bwi\u0119cony elitom politycznym w Polsce po 1989 roku (Okr\u0105g\u0142y St\u00f3\u0142)<\/em><\/span><\/li>\n<li><span style=\"color: #363434; font-size: 12pt; font-family: helvetica, arial, sans-serif;\"><a style=\"color: #363434;\" href=\"http:\/\/naszdziennik.pl\/\"><strong>Nasz Dziennik<\/strong><\/a> &#8211; warto zagl\u0105da\u0107 pomimo posoborowego skrzywienia i janopaw\u0142owej papolatrii. Publicystyka niekiedy ok<em>.<\/em><\/span><\/li>\n<li><span style=\"color: #363434; font-size: 12pt; font-family: helvetica, arial, sans-serif;\"><a style=\"color: #363434;\" href=\"http:\/\/web.archive.org\/web\/20080618203429\/http:\/\/www.polonica.net\/\"><strong>Polonica.net<\/strong><\/a> &#8211; <em>Polski Niezale\u017cny Serwis Patriotyczny (<strong>strona zamkni\u0119ta<\/strong> &#8211; dane dost\u0119pne na web.archive.org)<\/em><\/span><\/li>\n<li><span style=\"color: #363434; font-size: 12pt; font-family: helvetica, arial, sans-serif;\"><a style=\"color: #363434;\" href=\"http:\/\/www.ojczyzna.pl\/\" target=\"_blank\" rel=\"noopener noreferrer\"><strong>Ojczyzna.pl<\/strong><\/a> &#8211; <em>Serwis informacyjny o sytuacji w Polsce &#8211; (witryna za\u0142o\u017cona przez \u015bp. Zbigniewa \u0141ab\u0119dzkiego. Obecnie nie jest aktualizowana)<\/em> \u2b04<\/span><\/li>\n<li><span style=\"color: #363434; font-size: 12pt; font-family: helvetica, arial, sans-serif;\"><strong><a style=\"color: #363434;\" href=\"http:\/\/jednoczmysie.pl\/\">JednoczmySie.pl<\/a><\/strong> &#8211; <em>nowa, obiecuj\u0105ca strona Tradycji katolickiej \u2b04<\/em><\/span><\/li>\n<li><span style=\"color: #363434; font-size: 12pt; font-family: helvetica, arial, sans-serif;\"><a style=\"color: #363434;\" href=\"http:\/\/kulturadobra.pl\/\"><strong>KulturaDobra.pl<\/strong><\/a> &#8211; Przewodnik dla rodzin chrze\u015bcija\u0144skich po \u015bwiecie filmu &#8211; <em>Po\u017cyteczna strona klasyfikuj\u0105ca i opisuj\u0105ca filmy. <\/em><\/span><\/li>\n<\/ul>\n<h2>&nbsp;<\/h2>\n<hr>\n<h2>&nbsp;<\/h2>\n<h4><span style=\"color: #363434; font-size: 12pt; font-family: helvetica, arial, sans-serif;\"><strong>Strony katolickie<\/strong>:<\/span><\/h4>\n<ul>\n<li><span style=\"color: #363434; font-size: 12pt; font-family: helvetica, arial, sans-serif;\"><a style=\"color: #363434;\" href=\"http:\/\/www.piusx.org.pl\/zawsze_wierni\/\"><strong>Zawsze Wierni &#8211; Magazyn Tradycji Katolickiej<\/strong><\/a><i> &#8211; po prostu podstawowe pismo dla ka\u017cdego prawdziwego katolika<strong><br><\/strong><\/i><\/span><\/li>\n<li><span style=\"color: #363434; font-size: 12pt; font-family: helvetica, arial, sans-serif;\"><strong><a style=\"color: #363434;\" href=\"https:\/\/scriptorium361.wordpress.com\">Scriptorium &#8211; z blogosfery Tradycji katolickiej<\/a><\/strong><\/span><\/li>\n<li><span style=\"color: #363434; font-size: 12pt; font-family: helvetica, arial, sans-serif;\"><strong><a style=\"color: #363434;\" href=\"https:\/\/news.fsspx.pl\/\">Wiadomo\u015bci Tradycji Katolickiej<\/a><\/strong><\/span><\/li>\n<li><span style=\"color: #363434; font-size: 12pt; font-family: helvetica, arial, sans-serif;\"><a style=\"color: #363434;\" href=\"http:\/\/msza.net\/\"><strong>Msza \u015awi\u0119ta Wszechczas\u00f3w<\/strong><\/a><\/span><\/li>\n<li><span style=\"color: #363434; font-size: 12pt; font-family: helvetica, arial, sans-serif;\"><a style=\"color: #363434;\" href=\"http:\/\/www.egzorcyzmy.katolik.pl\/\" target=\"_blank\" rel=\"noopener noreferrer\"> <strong>Egzorcyzmy<\/strong><\/a><em> &#8211; egzorcyzmy, zniewolenia, dr\u0119czenia i op\u0119tania<\/em><\/span><\/li>\n<li><span style=\"color: #363434; font-size: 12pt; font-family: helvetica, arial, sans-serif;\"><a style=\"color: #363434;\" href=\"http:\/\/swiety.krzyz.org\/\" target=\"_blank\" rel=\"noopener noreferrer\"> <strong>Swi\u0119ty Krzy\u017c<\/strong><\/a><em> &#8211; Pod Tym Znakiem Zwyci\u0119\u017cysz<\/em><\/span><\/li>\n<li><span style=\"color: #363434; font-size: 12pt; font-family: helvetica, arial, sans-serif;\"><a style=\"color: #363434;\" href=\"http:\/\/sanctus.pl\/index.php\" target=\"_blank\" rel=\"noopener noreferrer\"><strong>Sanctus.pl<\/strong><\/a><em> &#8211; Portal katolicki<\/em><\/span><\/li>\n<li><span style=\"color: #363434; font-size: 12pt; font-family: helvetica, arial, sans-serif;\"><a style=\"color: #363434;\" href=\"http:\/\/novushiacynthus.blogspot.com\/\"><strong><em>Novus Hiacynthus<\/em><\/strong><\/a><em> &#8211; ks. Jacek Ba\u0142emba SDB blog<\/em><\/span><\/li>\n<li><span style=\"color: #363434; font-size: 12pt; font-family: helvetica, arial, sans-serif;\"><strong><a style=\"color: #363434;\" href=\"http:\/\/www.radiochrystusakrola.pl\/\">Radio Chrystusa Kr\u00f3la w \u0141odzi<\/a><\/strong><\/span><\/li>\n<li><a style=\"color: #363434;\" href=\"http:\/\/www.unacum.pl\/\"><span style=\"color: #363434; font-size: 12pt; font-family: helvetica, arial, sans-serif;\"><strong>\u2297 <\/strong><\/span><\/a><span style=\"color: #363434; font-size: 12pt; font-family: helvetica, arial, sans-serif;\"><a style=\"color: #363434;\" href=\"http:\/\/www.unacum.pl\/\"><strong>UnaCum.pl<\/strong> &#8211; Centrum Informacyjne Ruchu Summorum Pontificum<\/a><\/span><\/li>\n<li><a style=\"color: #363434;\" href=\"http:\/\/www.unacum.pl\/\"><span style=\"color: #363434; font-size: 12pt; font-family: helvetica, arial, sans-serif;\"><strong>\u2297 <\/strong><\/span><\/a><span style=\"color: #363434; font-size: 12pt; font-family: helvetica, arial, sans-serif;\"><a style=\"color: #363434; text-decoration: underline;\" href=\"http:\/\/tradycja.lomza.pl\/\"><strong>Tradycja katolicka <\/strong><\/a><\/span><span style=\"color: #363434; font-size: 12pt; font-family: helvetica, arial, sans-serif;\"><a style=\"color: #363434; text-decoration: underline;\" href=\"http:\/\/tradycja.lomza.pl\/\">&#8211; \u015arodowisko \u0141aci\u0144skie Tradycji Katolickiej w \u0141om\u017cy<\/a><\/span><\/li>\n<\/ul>\n<h2>&nbsp;<\/h2>\n<p><span style=\"color: #363434; font-size: 12pt; font-family: helvetica, arial, sans-serif;\">Tradycjonalistyczne fora dyskusyjne w j\u0119zyku polskim:<\/span><\/p>\n<ul>\n<li><span style=\"color: #363434; font-size: 12pt; font-family: helvetica, arial, sans-serif;\"><strong>\u2297 Forum Bractwa Kap\u0142a\u0144skiego \u015bw. Piusa X<\/strong><\/span><\/li>\n<li><span style=\"color: #363434; font-size: 12pt; font-family: helvetica, arial, sans-serif;\"><strong>\u2297 Forum Organizacji Monarchist\u00f3w Polskich<\/strong><\/span><\/li>\n<li><span style=\"color: #363434; font-size: 12pt; font-family: helvetica, arial, sans-serif;\"><a href=\"http:\/\/krzyz.nazwa.pl\/forum\/\" target=\"_blank\" rel=\"noopener\"><strong>Forum Krzy\u017c<\/strong><\/a><\/span><\/li>\n<\/ul>\n<h2>&nbsp;<\/h2>\n<p><span style=\"color: #363434; font-size: 12pt; font-family: helvetica, arial, sans-serif;\">Tradycjonalistyczne fora dyskusyjne w j\u0119zyku angielskim:<\/span><\/p>\n<ul>\n<li><span style=\"color: #363434; font-size: 12pt; font-family: helvetica, arial, sans-serif;\"><strong>\u2297 Forum Angelqueen<\/strong><\/span><\/li>\n<\/ul>\n<h2>&nbsp;<\/h2>\n<p><span style=\"color: #363434; font-size: 12pt; font-family: helvetica, arial, sans-serif;\">Tradycjonalistyczne fora dyskusyjne w j\u0119zyku niemieckim:<\/span><\/p>\n<ul>\n<li><span style=\"color: #363434; font-size: 12pt; font-family: helvetica, arial, sans-serif;\"><strong>\u2297 Forum f\u00fcr Katholiken <\/strong><\/span><\/li>\n<\/ul>\n<h2>&nbsp;<\/h2>\n<p><span style=\"color: #363434; font-size: 12pt; font-family: helvetica, arial, sans-serif;\">Blogi w j\u0119zyku angielskim:<\/span><\/p>\n<ul>\n<li><span style=\"color: #363434; font-size: 12pt; font-family: helvetica, arial, sans-serif;\"><strong>\u2297 Catholic Church Conservation<\/strong><\/span><\/li>\n<li><span style=\"color: #363434; font-size: 12pt; font-family: helvetica, arial, sans-serif;\"><a style=\"color: #363434;\" href=\"http:\/\/whispersintheloggia.blogspot.com\/2006\/02\/first-line.html\" target=\"_blank\" rel=\"noopener noreferrer\"> <strong>Whispers in the Loggia<\/strong><\/a><\/span><\/li>\n<\/ul>\n<h2>&nbsp;<\/h2>\n<p><span style=\"color: #363434; font-size: 12pt; font-family: helvetica, arial, sans-serif;\">Blogi w j\u0119zyku polskim:<\/span><\/p>\n<ul>\n<li><span style=\"color: #363434; font-size: 12pt; font-family: helvetica, arial, sans-serif;\"><strong>\u2297 Rzymski Katolik<\/strong> &#8211; <em>Blog po\u015bwi\u0119cony Tradycji Katolickiej<\/em><\/span><\/li>\n<li><span style=\"color: #363434; font-size: 12pt; font-family: helvetica, arial, sans-serif;\"><a style=\"color: #363434;\" href=\"http:\/\/breviarium.blogspot.com\/\" target=\"_blank\" rel=\"noopener noreferrer\"><strong> Breviarium<\/strong> &#8211; dawniej Kronika Novus Ordo<\/a> &#8211; <em> Nowinki o posoborowym zamieszaniu<\/em><\/span><\/li>\n<li><span style=\"color: #363434; font-size: 12pt; font-family: helvetica, arial, sans-serif;\"><strong>\u2297 Tenete Traditiones<\/strong> &#8211; <em>Zamy\u015blenia w kr\u0119gu Wiary i Tradycji<\/em><\/span><\/li>\n<\/ul>\n<h2>&nbsp;<\/h2>\n<p><span style=\"color: #363434; font-size: 12pt; font-family: helvetica, arial, sans-serif;\">oraz linki w j\u0119zyku angielskim:<\/span><\/p>\n<ul>\n<li><span style=\"color: #363434; font-size: 12pt; font-family: helvetica, arial, sans-serif;\"><a style=\"color: #363434;\" href=\"http:\/\/www.unavoce.org\/\" target=\"_blank\" rel=\"noopener noreferrer\"> <strong>International Una Voce Federation<\/strong> <\/a> &#8211; <em>Mi\u0119dzynarodowa Federacja (za\u0142o\u017cona w Rzymie w 1966 roku), kt\u00f3rej celem jest &#8222;zapewnienie, by Msza \u015awi\u0119ta kodyfikowana przez \u015awi\u0119tego Piusa V by\u0142a piel\u0119gnowana jako jedna z form kultu eucharystycznego&#8221;.<\/em><\/span><\/li>\n<li><span style=\"color: #363434; font-size: 12pt; font-family: helvetica, arial, sans-serif;\"><a style=\"color: #363434;\" href=\"http:\/\/www.fatima.org\/\" target=\"_blank\" rel=\"noopener noreferrer\"> <strong>The Fatima Network<\/strong><\/a> &#8211; <em>Apostolat Naj\u015bwi\u0119tszej Maryi Panny<\/em><\/span><\/li>\n<li><span style=\"color: #363434; font-size: 12pt; font-family: helvetica, arial, sans-serif;\"><a style=\"color: #363434;\" href=\"http:\/\/www.traditioninaction.org\/\" target=\"_blank\" rel=\"noopener noreferrer\"> <strong>Tradition in Action<\/strong><\/a> &#8211; <em>Oddani nie\u015bmiertelnemu Magisterium \u015awietego Ko\u015bcio\u0142a i katolickiej Tradycji.<\/em><\/span><\/li>\n<li><span style=\"color: #363434; font-size: 12pt; font-family: helvetica, arial, sans-serif;\"><strong>\u2297 In Hoc Signo Vinces<\/strong> &#8211; &#8222;<em>Naszym celem jest walka z wrogami Ko\u015bcio\u0142a Katolickiego, a nasz\u0105 broni\u0105 Prawda, Msza \u015bwi\u0119ta (Msza Trydencka) i r\u00f3\u017caniec.&#8221;<\/em><\/span><\/li>\n<li><span style=\"color: #363434; font-size: 12pt; font-family: helvetica, arial, sans-serif;\"><a style=\"color: #363434;\" href=\"http:\/\/www.stjoseph.cz\/\" target=\"_blank\" rel=\"noopener noreferrer\"><strong>Instytut \u015bw. J\u00f3zefa<\/strong><\/a> &#8211; Instytut katolik\u00f3w tradycyjnych, dzia\u0142aj\u0105cy w Pradze czeskiej<\/span><\/li>\n<li><span style=\"color: #363434; font-size: 12pt; font-family: helvetica, arial, sans-serif;\"><a style=\"color: #363434;\" href=\"http:\/\/www.catholicintl.com\" target=\"_blank\" rel=\"noopener noreferrer\"><strong>Catholic Apologetics International<\/strong><\/a> &#8211; Strona apologetyczna prowadzona przez Roberta Sungenisa<\/span><\/li>\n<li><span style=\"color: #363434; font-size: 12pt; font-family: helvetica, arial, sans-serif;\"><a style=\"color: #363434;\" href=\"http:\/\/www.gerrymatatics.org\/\" target=\"_blank\" rel=\"noopener noreferrer\"><strong>Biblical Foundations International<\/strong><\/a> &#8211; Strona prowadzona przez Gerry Matatics<\/span><\/li>\n<\/ul>\n<h2>&nbsp;<\/h2>\n<h4><span style=\"color: #363434; font-size: 12pt; font-family: helvetica, arial, sans-serif;\"><strong>Materia\u0142y:<\/strong><\/span><\/h4>\n<ul>\n<li><span style=\"color: #363434; font-size: 12pt; font-family: helvetica, arial, sans-serif;\"><strong>Kodeks Prawa Kanonicznego<\/strong> &#8211; (z 1983 r. &#8211; plik <strong><a style=\"color: #363434;\" href=\"http:\/\/www.katolicki.net\/ftp\/kodeks_prawa_kanonicznego.pdf\">PDF<\/a> ; <a style=\"color: #363434;\" href=\"http:\/\/www.intratext.com\/x\/pol0025.htm\">www<\/a><\/strong>)<\/span><\/li>\n<li><span style=\"color: #363434; font-size: 12pt; font-family: helvetica, arial, sans-serif;\"><a style=\"color: #363434;\" href=\"http:\/\/www.vatican.va\/archive\/cod-iuris-canonici\/cic_index_la.html\"><strong>Codex Iuris Canonici<\/strong><\/a> &#8211; (Kodeks Prawa Kanonicznego po \u0142acinie &#8211; Kodeks z 1983 r. &#8211; strona watyka\u0144ska)<\/span><\/li>\n<li><span style=\"color: #363434; font-size: 12pt; font-family: helvetica, arial, sans-serif;\"><a style=\"color: #363434;\" href=\"http:\/\/Wydanie wieloj\u0119zyczne (w tym w j\u0119zyku polskim) Kodeksu na stronie Papieskiego Uniwersytetu Gregoria\u0144skiego\">Wieloj\u0119zyczne wydanie (w tym w j\u0119zyku polskim) <strong>Kodeksu Prawa Kononicznego (1983 r.)<\/strong> na stronie Papieskiego Uniwersytetu Gregoria\u0144skiego<\/a><\/span><\/li>\n<li><span style=\"color: #363434; font-size: 12pt; font-family: helvetica, arial, sans-serif;\"><strong>&#8222;Prawo kanoniczne wed\u0142ug Nowego Kodeksu&#8221;<\/strong> &#8211; oprac. Ks. Dr. Ignacy Grabowski &#8211; Lw\u00f3w 1927 &#8211; (plik <a style=\"color: #363434;\" href=\"https:\/\/docs.google.com\/file\/d\/0B1IteQE8-XNWRWFoSEpWb2Z4UGs\/edit\">PDF<\/a> dost\u0119pny na doc.google.com)<\/span><\/li>\n<li><span style=\"color: #363434; font-size: 12pt; font-family: helvetica, arial, sans-serif;\"><a style=\"color: #363434;\" href=\"http:\/\/www.katechizm.opoka.org.pl\/index.html\" target=\"_blank\" rel=\"noopener noreferrer\"> <strong>Katechizm Ko\u015bcio\u0142a katolickiego<\/strong><\/a> &#8211; (z 1994 r. &#8211; wydanie Pallotinum)<\/span><\/li>\n<li><span style=\"color: #363434; font-size: 12pt; font-family: helvetica, arial, sans-serif;\"><a style=\"color: #363434;\" href=\"http:\/\/www.katechizm.opoka.org.pl\/index.html\" target=\"_blank\" rel=\"noopener noreferrer\"><strong>Katechizm Ko\u015bcio\u0142a katolickiegoo &#8211; Kompendium<\/strong><\/a> &#8211; (Katechizm z 1994 r. &#8211; Kompendium oprac. pod przewodnictwem kard. Josepha Ratzingera &#8211; 2005 r.)<\/span><\/li>\n<li><span style=\"color: #363434; font-size: 12pt; font-family: helvetica, arial, sans-serif;\"><a style=\"color: #363434;\" href=\"http:\/\/web.archive.org\/20151031103239\/http:\/\/www.piusx.org.pl\/katechizm\/\" rel=\"nofollow\"><strong>Katechizm kardyna\u0142a Pietro Gasparriego<\/strong><\/a>&nbsp;(pocz\u0105tek XX wieku)<\/span><\/li>\n<li><span style=\"color: #363434; font-size: 12pt; font-family: helvetica, arial, sans-serif;\"><a style=\"color: #363434;\" href=\"http:\/\/www.ultramontes.pl\/Katechizm_Bellarmina_Potwierdzenie.htm\" rel=\"nofollow\"><strong>Katechizm kardyna\u0142a Roberta Bellarmina (1597)<\/strong><\/a>&nbsp;(edycja polska z roku 1844)<\/span><\/li>\n<li><span style=\"color: #363434; font-size: 12pt; font-family: helvetica, arial, sans-serif;\"><strong><a style=\"color: #363434;\" href=\"http:\/\/www.vatican.va\/archive\/ccc\/index.htm\">Catechism of the Catholic Church<\/a><\/strong> &#8211; wieloj\u0119zyczne wydania Katechizmu (z 1994 r.) na oficjalnej stronie watyka\u0144skiej (ciekawostka: Katechizm jest w 18 wersjach j\u0119zykowych, lecz nie ma w nich j\u0119zyka polskiego !)<\/span><\/li>\n<li><span style=\"color: #363434; font-size: 12pt; font-family: helvetica, arial, sans-serif;\"><a style=\"color: #363434;\" href=\"http:\/\/www.biblia.info.pl\/biblia.php\" target=\"_blank\" rel=\"noopener noreferrer\"> <strong>Biblia Tysi\u0105clecia<\/strong><\/a> &#8211; <em>wyszukiwarka<\/em><\/span><\/li>\n<li><span style=\"color: #363434; font-size: 12pt; font-family: helvetica, arial, sans-serif;\"><a style=\"color: #363434;\" href=\"https:\/\/biblia.deon.pl\/\"><strong>Biblia Tysi\u0105clecia<\/strong><\/a> &#8211; wyd. Pallotinum<\/span><\/li>\n<li><span style=\"color: #363434; font-size: 12pt; font-family: helvetica, arial, sans-serif;\"><strong>Biblia Pozna\u0144ska<\/strong> (1975 r.) &#8211; wersja <a style=\"color: #363434;\" href=\"http:\/\/biblioteka.kijowski.pl\/biblia\/pdf\/biblia_p.pdf\">PDF (tylko NT)<\/a><\/span><\/li>\n<li><span style=\"color: #363434; font-size: 12pt; font-family: helvetica, arial, sans-serif;\">Pismo \u015awi\u0119te Starego i Nowego Testamentu &#8211; &#8222;Biblia Wujka&#8221; &#8211; (wyd. z 1923 r. &#8211; dost\u0119pna <strong><a style=\"color: #363434;\" href=\"https:\/\/pl.wikisource.org\/wiki\/Biblia_Wujka_(1923)\">online<\/a> <\/strong>na Wiki\u017ar\u00f3d\u0142a; wersja <a style=\"color: #363434;\" href=\"https:\/\/drive.google.com\/file\/d\/0B1IteQE8-XNWNUpXbV9DckV3WUk\/view?usp=sharing\">PDF<\/a>)<\/span><\/li>\n<li><span style=\"color: #363434; font-size: 12pt; font-family: helvetica, arial, sans-serif;\"><a style=\"color: #363434;\" href=\"http:\/\/bibliepolskie.pl\/zzteksty_vers_por.php\"><strong>BibliePolskie.pl<\/strong> &#8211; por\u00f3wnaj przek\u0142ady<\/a><\/span><\/li>\n<li><span style=\"color: #363434; font-size: 12pt; font-family: helvetica, arial, sans-serif;\"><a style=\"color: #363434;\" href=\"http:\/\/www.catholicbible.online\/\"><strong>CatholicBible.Online<\/strong><\/a> &#8211; por\u00f3wnanie \u0142aci\u0144skiej Vulgate z angielskoj\u0119zycznymi t\u0142umaczeniami Douay-Rheims i Knox Bible<\/span><\/li>\n<\/ul>\n<h2>&nbsp;<\/h2>\n<hr>\n<p><span style=\"color: #363434; font-size: 12pt; font-family: helvetica, arial, sans-serif;\">&nbsp;<\/span><\/p>\n<p><span style=\"color: #363434; font-size: 12pt; font-family: helvetica, arial, sans-serif;\">\u2b04 oznacza stron\u0119 stosuj\u0105c\u0105 wymian\u0119 link\u00f3w pomi\u0119dzy stron\u0105 &#8222;BIBU\u0141A &#8211; pismo niezale\u017cne&#8221;<br><\/span><\/p>\n<p><span style=\"color: #363434; font-size: 12pt; font-family: helvetica, arial, sans-serif;\">\u2297 adres internetowy nieaktualny; mo\u017cliwe przyczyny: serwer chwilowo nie dzia\u0142a, dzia\u0142alno\u015b\u0107 zosta\u0142a zawieszona, adres zosta\u0142 zmieniony, lub inne<\/span><\/p>\n<p><\/p>\n<p><span style=\"color: #363434; font-size: 12pt; font-family: helvetica, arial, sans-serif;\">Aktualno\u015b\u0107 link\u00f3w wed\u0142ug stanu na: <span style=\"font-family: courier new, courier, monospace;\">October 6, 2023<\/span><\/span><\/p>\n<h2>&nbsp;<\/h2>\t\t\t\t\t\t\t\t<\/div>\n\t\t\t\t<\/div>\n\t\t\t\t\t<\/div>\n\t\t<\/div>\n\t\t\t\t<div class=\"elementor-column elementor-col-33 elementor-top-column elementor-element elementor-element-2639616\" data-id=\"2639616\" data-element_type=\"column\" data-settings=\"{&quot;background_background&quot;:&quot;classic&quot;}\">\n\t\t\t<div class=\"elementor-widget-wrap\">\n\t\t\t\t\t\t\t<\/div>\n\t\t<\/div>\n\t\t\t\t\t<\/div>\n\t\t<\/section>\n\t\t\t\t<\/div>\n\t\t","protected":false},"excerpt":{"rendered":"&nbsp; Linki Oto kr\u00f3tki spis wa\u017cnych i ciekawych czasopism wydawanych w Stanach Zjednoczonych: The Angelus &#8211; Oficjalny organ Bractwa \u015aw. Piusa X. Niezast\u0105piony. The Remnant &#8211; Najstarszy w Ameryce magazyn (dwutygodnik) tradycyjnych katolik\u00f3w, prowadzony przez Michaela J. Matt&#8217;a Catholic Family News &#8211; miesi\u0119cznik Tradycyjnych Katolik\u00f3w, prowadzony (do kwietnia 2017 r.) przez (\u015bp.) Johna Vennari. Dzisiaj [&hellip;]","protected":false},"author":1,"featured_media":0,"parent":0,"menu_order":0,"comment_status":"closed","ping_status":"closed","template":"","meta":{"_acf_changed":false,"_monsterinsights_skip_tracking":false,"_monsterinsights_sitenote_active":false,"_monsterinsights_sitenote_note":"","_monsterinsights_sitenote_category":0,"ngg_post_thumbnail":0,"footnotes":"","_wp_rev_ctl_limit":""},"acf":[],"_links":{"self":[{"href":"https:\/\/www.bibula.com\/index.php?rest_route=\/wp\/v2\/pages\/2864"}],"collection":[{"href":"https:\/\/www.bibula.com\/index.php?rest_route=\/wp\/v2\/pages"}],"about":[{"href":"https:\/\/www.bibula.com\/index.php?rest_route=\/wp\/v2\/types\/page"}],"author":[{"embeddable":true,"href":"https:\/\/www.bibula.com\/index.php?rest_route=\/wp\/v2\/users\/1"}],"replies":[{"embeddable":true,"href":"https:\/\/www.bibula.com\/index.php?rest_route=%2Fwp%2Fv2%2Fcomments&post=2864"}],"version-history":[{"count":5,"href":"https:\/\/www.bibula.com\/index.php?rest_route=\/wp\/v2\/pages\/2864\/revisions"}],"predecessor-version":[{"id":140773,"href":"https:\/\/www.bibula.com\/index.php?rest_route=\/wp\/v2\/pages\/2864\/revisions\/140773"}],"wp:attachment":[{"href":"https:\/\/www.bibula.com\/index.php?rest_route=%2Fwp%2Fv2%2Fmedia&parent=2864"}],"curies":[{"name":"wp","href":"https:\/\/api.w.org\/{rel}","templated":true}]}}